{"id":9894,"date":"2021-10-02T12:10:40","date_gmt":"2021-10-02T12:10:40","guid":{"rendered":"https:\/\/uet.edu.al\/?page_id=9894"},"modified":"2024-07-03T13:30:18","modified_gmt":"2024-07-03T11:30:18","slug":"rektori-i-uet","status":"publish","type":"page","link":"https:\/\/uet.edu.al\/en\/rektori-i-uet\/","title":{"rendered":"EUT Rector"},"content":{"rendered":"<div data-elementor-type=\"wp-page\" data-elementor-id=\"9894\" class=\"elementor elementor-9894\" data-elementor-post-type=\"page\">\n\t\t\t\t\t\t<section class=\"elementor-section elementor-top-section elementor-element elementor-element-17a05f4 elementor-section-height-min-height elementor-section-content-middle elementor-section-boxed elementor-section-height-default elementor-section-items-middle\" data-id=\"17a05f4\" data-element_type=\"section\" data-settings=\"{&quot;background_background&quot;:&quot;classic&quot;}\">\n\t\t\t\t\t\t\t<div class=\"elementor-background-overlay\"><\/div>\n\t\t\t\t\t\t\t<div class=\"elementor-container elementor-column-gap-default\">\n\t\t\t\t\t<div class=\"elementor-column elementor-col-100 elementor-top-column elementor-element elementor-element-0bff6c2\" data-id=\"0bff6c2\" data-element_type=\"column\">\n\t\t\t<div class=\"elementor-widget-wrap elementor-element-populated\">\n\t\t\t\t\t\t<div class=\"elementor-element elementor-element-41340bf elementor-hidden-desktop elementor-widget elementor-widget-spacer\" data-id=\"41340bf\" data-element_type=\"widget\" data-widget_type=\"spacer.default\">\n\t\t\t\t<div class=\"elementor-widget-container\">\n\t\t\t\t\t\t\t<div class=\"elementor-spacer\">\n\t\t\t<div class=\"elementor-spacer-inner\"><\/div>\n\t\t<\/div>\n\t\t\t\t\t\t<\/div>\n\t\t\t\t<\/div>\n\t\t\t\t\t<\/div>\n\t\t<\/div>\n\t\t\t\t\t<\/div>\n\t\t<\/section>\n\t\t\t\t<section class=\"elementor-section elementor-top-section elementor-element elementor-element-56eae64 elementor-section-boxed elementor-section-height-default elementor-section-height-default\" data-id=\"56eae64\" data-element_type=\"section\">\n\t\t\t\t\t\t<div class=\"elementor-container elementor-column-gap-wider\">\n\t\t\t\t\t<div class=\"elementor-column elementor-col-50 elementor-top-column elementor-element elementor-element-b123a18\" data-id=\"b123a18\" data-element_type=\"column\">\n\t\t\t<div class=\"elementor-widget-wrap elementor-element-populated\">\n\t\t\t\t\t\t<div class=\"elementor-element elementor-element-0c17907 elementor-widget elementor-widget-spacer\" data-id=\"0c17907\" data-element_type=\"widget\" data-widget_type=\"spacer.default\">\n\t\t\t\t<div class=\"elementor-widget-container\">\n\t\t\t\t\t\t\t<div class=\"elementor-spacer\">\n\t\t\t<div class=\"elementor-spacer-inner\"><\/div>\n\t\t<\/div>\n\t\t\t\t\t\t<\/div>\n\t\t\t\t<\/div>\n\t\t\t\t<div class=\"elementor-element elementor-element-9e63c3e elementor-widget elementor-widget-text-editor\" data-id=\"9e63c3e\" data-element_type=\"widget\" data-widget_type=\"text-editor.default\">\n\t\t\t\t<div class=\"elementor-widget-container\">\n\t\t\t\t\t\t\t\t\t<p><em><b>PROF. DR. DRITA KRUJA\/EUT RECTOR<\/b><\/em><\/p>\t\t\t\t\t\t\t\t<\/div>\n\t\t\t\t<\/div>\n\t\t\t\t<div class=\"elementor-element elementor-element-973569e elementor-widget elementor-widget-spacer\" data-id=\"973569e\" data-element_type=\"widget\" data-widget_type=\"spacer.default\">\n\t\t\t\t<div class=\"elementor-widget-container\">\n\t\t\t\t\t\t\t<div class=\"elementor-spacer\">\n\t\t\t<div class=\"elementor-spacer-inner\"><\/div>\n\t\t<\/div>\n\t\t\t\t\t\t<\/div>\n\t\t\t\t<\/div>\n\t\t\t\t<div class=\"elementor-element elementor-element-df99f8a elementor-widget elementor-widget-text-editor\" data-id=\"df99f8a\" data-element_type=\"widget\" data-widget_type=\"text-editor.default\">\n\t\t\t\t<div class=\"elementor-widget-container\">\n\t\t\t\t\t\t\t\t\t<p class=\" translation-block\"><em>Prof. Dr. Drita Kruja has<\/em>\u00a0<em>23-years of academic career in Higher Education Institutions in Albania and abroad, where she has held several leading positions such as: Vice-Rector, Head of the University Administration Board, Dean, Head of Department, Head of the award committee for \"Doctor\" degree, etc.<\/em><\/p><p class=\" translation-block\"><em>She has completed undergraduate and postgraduate studies at the Faculty of Economics of the University of Tirana. She has research and teaching experience<\/em><em>\u00a0<\/em><em>in many international academic institutions such as the University of Bologna and Florence in Italy; Roskilde University of Social Sciences in Denmark; University of Applied Sciences in Bocholt and Eberswalde in Germany; Polytechnic University of Catalonia in Spain; University of Economics in Prague, Czech Republic; Corvinus and Obuda University in Budapest, Hungary; University of Maribor in Slovenia; Sandhills Community College; University of Pembroke, Central Carolina University, East Carolina University, USA, etc.<\/em><\/p><p>As a member and leader of research teams, Prof. Dr. Kruja has participated in many research projects locally, nationally and internationally. Prof. Dr. Kruja has published as a sole and co-author three university texts, four book chapters published by Routledge, as well as many scientific articles with impact factor.<\/p>\t\t\t\t\t\t\t\t<\/div>\n\t\t\t\t<\/div>\n\t\t\t\t<div class=\"elementor-element elementor-element-74ad933 elementor-widget elementor-widget-spacer\" data-id=\"74ad933\" data-element_type=\"widget\" data-widget_type=\"spacer.default\">\n\t\t\t\t<div class=\"elementor-widget-container\">\n\t\t\t\t\t\t\t<div class=\"elementor-spacer\">\n\t\t\t<div class=\"elementor-spacer-inner\"><\/div>\n\t\t<\/div>\n\t\t\t\t\t\t<\/div>\n\t\t\t\t<\/div>\n\t\t\t\t<div class=\"elementor-element elementor-element-5682c02 elementor-widget elementor-widget-spacer\" data-id=\"5682c02\" data-element_type=\"widget\" data-widget_type=\"spacer.default\">\n\t\t\t\t<div class=\"elementor-widget-container\">\n\t\t\t\t\t\t\t<div class=\"elementor-spacer\">\n\t\t\t<div class=\"elementor-spacer-inner\"><\/div>\n\t\t<\/div>\n\t\t\t\t\t\t<\/div>\n\t\t\t\t<\/div>\n\t\t\t\t\t<\/div>\n\t\t<\/div>\n\t\t\t\t<div class=\"elementor-column elementor-col-50 elementor-top-column elementor-element elementor-element-0313916\" data-id=\"0313916\" data-element_type=\"column\">\n\t\t\t<div class=\"elementor-widget-wrap elementor-element-populated\">\n\t\t\t\t\t\t<div class=\"elementor-element elementor-element-2f3a4f5 elementor-widget elementor-widget-spacer\" data-id=\"2f3a4f5\" data-element_type=\"widget\" data-widget_type=\"spacer.default\">\n\t\t\t\t<div class=\"elementor-widget-container\">\n\t\t\t\t\t\t\t<div class=\"elementor-spacer\">\n\t\t\t<div class=\"elementor-spacer-inner\"><\/div>\n\t\t<\/div>\n\t\t\t\t\t\t<\/div>\n\t\t\t\t<\/div>\n\t\t\t\t<div class=\"elementor-element elementor-element-f93703b elementor-nav-menu__align-start elementor-nav-menu--dropdown-tablet elementor-nav-menu__text-align-aside elementor-nav-menu--toggle elementor-nav-menu--burger elementor-widget elementor-widget-nav-menu\" data-id=\"f93703b\" data-element_type=\"widget\" data-settings=\"{&quot;layout&quot;:&quot;vertical&quot;,&quot;submenu_icon&quot;:{&quot;value&quot;:&quot;&lt;i class=\\&quot;\\&quot; aria-hidden=\\&quot;true\\&quot;&gt;&lt;\\\/i&gt;&quot;,&quot;library&quot;:&quot;&quot;},&quot;toggle&quot;:&quot;burger&quot;}\" data-widget_type=\"nav-menu.default\">\n\t\t\t\t<div class=\"elementor-widget-container\">\n\t\t\t\t\t\t\t\t<nav aria-label=\"Menu\" class=\"elementor-nav-menu--main elementor-nav-menu__container elementor-nav-menu--layout-vertical e--pointer-underline e--animation-fade\">\n\t\t\t\t<ul id=\"menu-1-f93703b\" class=\"elementor-nav-menu sm-vertical\"><li class=\"menu-item menu-item-type-post_type menu-item-object-page menu-item-9890 tc-menu-item tc-menu-depth-0 tc-menu-layout-default\"><a href=\"https:\/\/uet.edu.al\/en\/fjala-e-presidentit\/\" class=\"elementor-item\">SPEECH OF THE PRESIDENT<\/a><\/li>\n<li class=\"menu-item menu-item-type-post_type menu-item-object-page menu-item-9900 tc-menu-item tc-menu-depth-0 tc-menu-layout-default\"><a href=\"https:\/\/uet.edu.al\/en\/rektori-i-uet\/\" class=\"elementor-item\">EUT RECTOR<\/a><\/li>\n<li class=\"menu-item menu-item-type-post_type menu-item-object-page menu-item-9907 tc-menu-item tc-menu-depth-0 tc-menu-layout-default\"><a href=\"https:\/\/uet.edu.al\/en\/?page_id=9901\" class=\"elementor-item\">Vice Rectors<\/a><\/li>\n<li class=\"menu-item menu-item-type-post_type menu-item-object-page menu-item-9924 tc-menu-item tc-menu-depth-0 tc-menu-layout-default\"><a href=\"https:\/\/uet.edu.al\/en\/administratori-i-uet\/\" class=\"elementor-item\">EUT ADMINISTRATOR<\/a><\/li>\n<li class=\"menu-item menu-item-type-post_type menu-item-object-page menu-item-9998 tc-menu-item tc-menu-depth-0 tc-menu-layout-default\"><a href=\"https:\/\/uet.edu.al\/en\/drejtuesit-e-departamenteve\/\" class=\"elementor-item\">HEAD OF DEPARTMENTS<\/a><\/li>\n<li class=\"menu-item menu-item-type-post_type menu-item-object-page menu-item-9942 tc-menu-item tc-menu-depth-0 tc-menu-layout-default\"><a href=\"https:\/\/uet.edu.al\/en\/dekanet\/\" class=\"elementor-item\">DEAN<\/a><\/li>\n<\/ul>\t\t\t<\/nav>\n\t\t\t\t\t<div class=\"elementor-menu-toggle\" role=\"button\" tabindex=\"0\" aria-label=\"Menu Toggle\" aria-expanded=\"false\">\n\t\t\t<i aria-hidden=\"true\" role=\"presentation\" class=\"elementor-menu-toggle__icon--open eicon-menu-bar\"><\/i><i aria-hidden=\"true\" role=\"presentation\" class=\"elementor-menu-toggle__icon--close eicon-close\"><\/i>\t\t<\/div>\n\t\t\t\t\t<nav class=\"elementor-nav-menu--dropdown elementor-nav-menu__container\" aria-hidden=\"true\">\n\t\t\t\t<ul id=\"menu-2-f93703b\" class=\"elementor-nav-menu sm-vertical\"><li class=\"menu-item menu-item-type-post_type menu-item-object-page menu-item-9890 tc-menu-item tc-menu-depth-0 tc-menu-layout-default\"><a href=\"https:\/\/uet.edu.al\/en\/fjala-e-presidentit\/\" class=\"elementor-item\" tabindex=\"-1\">SPEECH OF THE PRESIDENT<\/a><\/li>\n<li class=\"menu-item menu-item-type-post_type menu-item-object-page menu-item-9900 tc-menu-item tc-menu-depth-0 tc-menu-layout-default\"><a href=\"https:\/\/uet.edu.al\/en\/rektori-i-uet\/\" class=\"elementor-item\" tabindex=\"-1\">EUT RECTOR<\/a><\/li>\n<li class=\"menu-item menu-item-type-post_type menu-item-object-page menu-item-9907 tc-menu-item tc-menu-depth-0 tc-menu-layout-default\"><a href=\"https:\/\/uet.edu.al\/en\/?page_id=9901\" class=\"elementor-item\" tabindex=\"-1\">Vice Rectors<\/a><\/li>\n<li class=\"menu-item menu-item-type-post_type menu-item-object-page menu-item-9924 tc-menu-item tc-menu-depth-0 tc-menu-layout-default\"><a href=\"https:\/\/uet.edu.al\/en\/administratori-i-uet\/\" class=\"elementor-item\" tabindex=\"-1\">EUT ADMINISTRATOR<\/a><\/li>\n<li class=\"menu-item menu-item-type-post_type menu-item-object-page menu-item-9998 tc-menu-item tc-menu-depth-0 tc-menu-layout-default\"><a href=\"https:\/\/uet.edu.al\/en\/drejtuesit-e-departamenteve\/\" class=\"elementor-item\" tabindex=\"-1\">HEAD OF DEPARTMENTS<\/a><\/li>\n<li class=\"menu-item menu-item-type-post_type menu-item-object-page menu-item-9942 tc-menu-item tc-menu-depth-0 tc-menu-layout-default\"><a href=\"https:\/\/uet.edu.al\/en\/dekanet\/\" class=\"elementor-item\" tabindex=\"-1\">DEAN<\/a><\/li>\n<\/ul>\t\t\t<\/nav>\n\t\t\t\t\t\t<\/div>\n\t\t\t\t<\/div>\n\t\t\t\t\t<\/div>\n\t\t<\/div>\n\t\t\t\t\t<\/div>\n\t\t<\/section>\n\t\t\t\t<\/div>","protected":false},"excerpt":{"rendered":"<p>PROF. DR. DRITA KRUJA\/ REKTORE E UET Prof. Dr. Drita Kruja ka\u00a0nj\u00eb karrier\u00eb akademike 23 vje\u00e7are n\u00eb Institucionet e Arsimit t\u00eb Lart\u00eb brenda dhe jasht\u00eb vendit, ku ka mbajtur disa pozicione drejtuese si: Zv\/Rektore, Kryetare e K\u00ebshillit t\u00eb Administrimit t\u00eb &hellip; <\/p>","protected":false},"author":1,"featured_media":0,"parent":0,"menu_order":0,"comment_status":"closed","ping_status":"closed","template":"elementor_header_footer","meta":{"footnotes":""},"class_list":["post-9894","page","type-page","status-publish","hentry"],"yoast_head":"<!-- This site is optimized with the Yoast SEO plugin v26.9 - https:\/\/yoast.com\/product\/yoast-seo-wordpress\/ -->\n<title>Rektore e UET - UET<\/title>\n<meta name=\"robots\" content=\"index, follow, max-snippet:-1, max-image-preview:large, max-video-preview:-1\" \/>\n<link rel=\"canonical\" href=\"https:\/\/uet.edu.al\/en\/rektori-i-uet\/\" \/>\n<meta property=\"og:locale\" content=\"en_US\" \/>\n<meta property=\"og:type\" content=\"article\" \/>\n<meta property=\"og:title\" content=\"Rektore e UET - UET\" \/>\n<meta property=\"og:description\" content=\"PROF. DR. DRITA KRUJA\/ REKTORE E UET Prof. Dr. Drita Kruja ka\u00a0nj\u00eb karrier\u00eb akademike 23 vje\u00e7are n\u00eb Institucionet e Arsimit t\u00eb Lart\u00eb brenda dhe jasht\u00eb vendit, ku ka mbajtur disa pozicione drejtuese si: Zv\/Rektore, Kryetare e K\u00ebshillit t\u00eb Administrimit t\u00eb &hellip;\" \/>\n<meta property=\"og:url\" content=\"https:\/\/uet.edu.al\/en\/rektori-i-uet\/\" \/>\n<meta property=\"og:site_name\" content=\"UET\" \/>\n<meta property=\"article:publisher\" content=\"https:\/\/www.facebook.com\/UniversitetiEuropianiTiranes\/\" \/>\n<meta property=\"article:modified_time\" content=\"2024-07-03T11:30:18+00:00\" \/>\n<meta property=\"og:image\" content=\"https:\/\/uet.edu.al\/wp-content\/uploads\/2022\/12\/Logo-pa-adrese.png\" \/>\n\t<meta property=\"og:image:width\" content=\"1418\" \/>\n\t<meta property=\"og:image:height\" content=\"696\" \/>\n\t<meta property=\"og:image:type\" content=\"image\/png\" \/>\n<meta name=\"twitter:card\" content=\"summary_large_image\" \/>\n<meta name=\"twitter:label1\" content=\"Est. reading time\" \/>\n\t<meta name=\"twitter:data1\" content=\"1 minute\" \/>\n<script type=\"application\/ld+json\" class=\"yoast-schema-graph\">{\"@context\":\"https:\/\/schema.org\",\"@graph\":[{\"@type\":\"WebPage\",\"@id\":\"https:\/\/uet.edu.al\/rektori-i-uet\/\",\"url\":\"https:\/\/uet.edu.al\/rektori-i-uet\/\",\"name\":\"Rektore e UET - UET\",\"isPartOf\":{\"@id\":\"https:\/\/uet.edu.al\/en\/#website\"},\"datePublished\":\"2021-10-02T12:10:40+00:00\",\"dateModified\":\"2024-07-03T11:30:18+00:00\",\"breadcrumb\":{\"@id\":\"https:\/\/uet.edu.al\/rektori-i-uet\/#breadcrumb\"},\"inLanguage\":\"en-US\",\"potentialAction\":[{\"@type\":\"ReadAction\",\"target\":[\"https:\/\/uet.edu.al\/rektori-i-uet\/\"]}]},{\"@type\":\"BreadcrumbList\",\"@id\":\"https:\/\/uet.edu.al\/rektori-i-uet\/#breadcrumb\",\"itemListElement\":[{\"@type\":\"ListItem\",\"position\":1,\"name\":\"Home\",\"item\":\"https:\/\/uet.edu.al\/\"},{\"@type\":\"ListItem\",\"position\":2,\"name\":\"Rektore e UET\"}]},{\"@type\":\"WebSite\",\"@id\":\"https:\/\/uet.edu.al\/en\/#website\",\"url\":\"https:\/\/uet.edu.al\/en\/\",\"name\":\"UET\",\"description\":\"Universiteti Europian i Tiran\u00ebs\",\"publisher\":{\"@id\":\"https:\/\/uet.edu.al\/en\/#organization\"},\"potentialAction\":[{\"@type\":\"SearchAction\",\"target\":{\"@type\":\"EntryPoint\",\"urlTemplate\":\"https:\/\/uet.edu.al\/en\/?s={search_term_string}\"},\"query-input\":{\"@type\":\"PropertyValueSpecification\",\"valueRequired\":true,\"valueName\":\"search_term_string\"}}],\"inLanguage\":\"en-US\"},{\"@type\":\"Organization\",\"@id\":\"https:\/\/uet.edu.al\/en\/#organization\",\"name\":\"Universiteti Europian i Tiranes\",\"url\":\"https:\/\/uet.edu.al\/en\/\",\"logo\":{\"@type\":\"ImageObject\",\"inLanguage\":\"en-US\",\"@id\":\"https:\/\/uet.edu.al\/en\/#\/schema\/logo\/image\/\",\"url\":\"https:\/\/uet.edu.al\/wp-content\/uploads\/2022\/12\/Logo-pa-adrese.png\",\"contentUrl\":\"https:\/\/uet.edu.al\/wp-content\/uploads\/2022\/12\/Logo-pa-adrese.png\",\"width\":1418,\"height\":696,\"caption\":\"Universiteti Europian i Tiranes\"},\"image\":{\"@id\":\"https:\/\/uet.edu.al\/en\/#\/schema\/logo\/image\/\"},\"sameAs\":[\"https:\/\/www.facebook.com\/UniversitetiEuropianiTiranes\/\"]}]}<\/script>\n<!-- \/ Yoast SEO plugin. -->","yoast_head_json":{"title":"Rektore e UET - UET","robots":{"index":"index","follow":"follow","max-snippet":"max-snippet:-1","max-image-preview":"max-image-preview:large","max-video-preview":"max-video-preview:-1"},"canonical":"https:\/\/uet.edu.al\/en\/rektori-i-uet\/","og_locale":"en_US","og_type":"article","og_title":"Rektore e UET - UET","og_description":"PROF. DR. DRITA KRUJA\/ REKTORE E UET Prof. Dr. Drita Kruja ka\u00a0nj\u00eb karrier\u00eb akademike 23 vje\u00e7are n\u00eb Institucionet e Arsimit t\u00eb Lart\u00eb brenda dhe jasht\u00eb vendit, ku ka mbajtur disa pozicione drejtuese si: Zv\/Rektore, Kryetare e K\u00ebshillit t\u00eb Administrimit t\u00eb &hellip;","og_url":"https:\/\/uet.edu.al\/en\/rektori-i-uet\/","og_site_name":"UET","article_publisher":"https:\/\/www.facebook.com\/UniversitetiEuropianiTiranes\/","article_modified_time":"2024-07-03T11:30:18+00:00","og_image":[{"width":1418,"height":696,"url":"https:\/\/uet.edu.al\/wp-content\/uploads\/2022\/12\/Logo-pa-adrese.png","type":"image\/png"}],"twitter_card":"summary_large_image","twitter_misc":{"Est. reading time":"1 minute"},"schema":{"@context":"https:\/\/schema.org","@graph":[{"@type":"WebPage","@id":"https:\/\/uet.edu.al\/rektori-i-uet\/","url":"https:\/\/uet.edu.al\/rektori-i-uet\/","name":"Rektore e UET - UET","isPartOf":{"@id":"https:\/\/uet.edu.al\/en\/#website"},"datePublished":"2021-10-02T12:10:40+00:00","dateModified":"2024-07-03T11:30:18+00:00","breadcrumb":{"@id":"https:\/\/uet.edu.al\/rektori-i-uet\/#breadcrumb"},"inLanguage":"en-US","potentialAction":[{"@type":"ReadAction","target":["https:\/\/uet.edu.al\/rektori-i-uet\/"]}]},{"@type":"BreadcrumbList","@id":"https:\/\/uet.edu.al\/rektori-i-uet\/#breadcrumb","itemListElement":[{"@type":"ListItem","position":1,"name":"Home","item":"https:\/\/uet.edu.al\/"},{"@type":"ListItem","position":2,"name":"Rektore e UET"}]},{"@type":"WebSite","@id":"https:\/\/uet.edu.al\/en\/#website","url":"https:\/\/uet.edu.al\/en\/","name":"UET","description":"Universiteti Europian i Tiran\u00ebs","publisher":{"@id":"https:\/\/uet.edu.al\/en\/#organization"},"potentialAction":[{"@type":"SearchAction","target":{"@type":"EntryPoint","urlTemplate":"https:\/\/uet.edu.al\/en\/?s={search_term_string}"},"query-input":{"@type":"PropertyValueSpecification","valueRequired":true,"valueName":"search_term_string"}}],"inLanguage":"en-US"},{"@type":"Organization","@id":"https:\/\/uet.edu.al\/en\/#organization","name":"Universiteti Europian i Tiranes","url":"https:\/\/uet.edu.al\/en\/","logo":{"@type":"ImageObject","inLanguage":"en-US","@id":"https:\/\/uet.edu.al\/en\/#\/schema\/logo\/image\/","url":"https:\/\/uet.edu.al\/wp-content\/uploads\/2022\/12\/Logo-pa-adrese.png","contentUrl":"https:\/\/uet.edu.al\/wp-content\/uploads\/2022\/12\/Logo-pa-adrese.png","width":1418,"height":696,"caption":"Universiteti Europian i Tiranes"},"image":{"@id":"https:\/\/uet.edu.al\/en\/#\/schema\/logo\/image\/"},"sameAs":["https:\/\/www.facebook.com\/UniversitetiEuropianiTiranes\/"]}]}},"_links":{"self":[{"href":"https:\/\/uet.edu.al\/en\/wp-json\/wp\/v2\/pages\/9894","targetHints":{"allow":["GET"]}}],"collection":[{"href":"https:\/\/uet.edu.al\/en\/wp-json\/wp\/v2\/pages"}],"about":[{"href":"https:\/\/uet.edu.al\/en\/wp-json\/wp\/v2\/types\/page"}],"author":[{"embeddable":true,"href":"https:\/\/uet.edu.al\/en\/wp-json\/wp\/v2\/users\/1"}],"replies":[{"embeddable":true,"href":"https:\/\/uet.edu.al\/en\/wp-json\/wp\/v2\/comments?post=9894"}],"version-history":[{"count":31,"href":"https:\/\/uet.edu.al\/en\/wp-json\/wp\/v2\/pages\/9894\/revisions"}],"predecessor-version":[{"id":16652,"href":"https:\/\/uet.edu.al\/en\/wp-json\/wp\/v2\/pages\/9894\/revisions\/16652"}],"wp:attachment":[{"href":"https:\/\/uet.edu.al\/en\/wp-json\/wp\/v2\/media?parent=9894"}],"curies":[{"name":"wp","href":"https:\/\/api.w.org\/{rel}","templated":true}]}}