{"id":10448,"date":"2021-11-02T15:49:54","date_gmt":"2021-11-02T15:49:54","guid":{"rendered":"https:\/\/uet.edu.al\/?page_id=10448"},"modified":"2021-11-13T20:12:37","modified_gmt":"2021-11-13T20:12:37","slug":"fakulteti-i-shkencave-humane-edukimi-dhe-artet-liberale-grupi-kerkimor","status":"publish","type":"page","link":"https:\/\/uet.edu.al\/en\/fakulteti-i-shkencave-humane-edukimi-dhe-artet-liberale-grupi-kerkimor\/","title":{"rendered":"Fakulteti i Shkencave Humane, Edukimi dhe Artet Liberale &#8211; Grupi k\u00ebrkimor"},"content":{"rendered":"<div data-elementor-type=\"wp-page\" data-elementor-id=\"10448\" class=\"elementor elementor-10448\" data-elementor-post-type=\"page\">\n\t\t\t\t\t\t<section class=\"elementor-section elementor-top-section elementor-element elementor-element-1e6ee14 elementor-section-boxed elementor-section-height-default elementor-section-height-default\" data-id=\"1e6ee14\" data-element_type=\"section\">\n\t\t\t\t\t\t<div class=\"elementor-container elementor-column-gap-wider\">\n\t\t\t\t\t<div class=\"elementor-column elementor-col-50 elementor-top-column elementor-element elementor-element-9a17a25\" data-id=\"9a17a25\" data-element_type=\"column\">\n\t\t\t<div class=\"elementor-widget-wrap elementor-element-populated\">\n\t\t\t\t\t\t<div class=\"elementor-element elementor-element-d27ffa1 elementor-hidden-phone elementor-widget elementor-widget-spacer\" data-id=\"d27ffa1\" data-element_type=\"widget\" data-widget_type=\"spacer.default\">\n\t\t\t\t<div class=\"elementor-widget-container\">\n\t\t\t\t\t\t\t<div class=\"elementor-spacer\">\n\t\t\t<div class=\"elementor-spacer-inner\"><\/div>\n\t\t<\/div>\n\t\t\t\t\t\t<\/div>\n\t\t\t\t<\/div>\n\t\t\t\t<div class=\"elementor-element elementor-element-15e6b4c elementor-widget elementor-widget-heading\" data-id=\"15e6b4c\" data-element_type=\"widget\" data-widget_type=\"heading.default\">\n\t\t\t\t<div class=\"elementor-widget-container\">\n\t\t\t\t\t<h2 class=\"elementor-heading-title elementor-size-default\">Department of Humanities and Communication\n<\/h2>\t\t\t\t<\/div>\n\t\t\t\t<\/div>\n\t\t\t\t<div class=\"elementor-element elementor-element-e88ad81 elementor-widget elementor-widget-accordion\" data-id=\"e88ad81\" data-element_type=\"widget\" data-widget_type=\"accordion.default\">\n\t\t\t\t<div class=\"elementor-widget-container\">\n\t\t\t\t\t\t\t<div class=\"elementor-accordion\">\n\t\t\t\t\t\t\t<div class=\"elementor-accordion-item\">\n\t\t\t\t\t<div id=\"elementor-tab-title-2431\" class=\"elementor-tab-title\" data-tab=\"1\" role=\"button\" aria-controls=\"elementor-tab-content-2431\" aria-expanded=\"false\">\n\t\t\t\t\t\t\t\t\t\t\t\t\t<span class=\"elementor-accordion-icon elementor-accordion-icon-left\" aria-hidden=\"true\">\n\t\t\t\t\t\t\t\t\t\t\t\t\t\t\t<span class=\"elementor-accordion-icon-closed\"><i class=\"fas fa-plus\"><\/i><\/span>\n\t\t\t\t\t\t\t\t<span class=\"elementor-accordion-icon-opened\"><i class=\"fas fa-minus\"><\/i><\/span>\n\t\t\t\t\t\t\t\t\t\t\t\t\t\t<\/span>\n\t\t\t\t\t\t\t\t\t\t\t\t<a class=\"elementor-accordion-title\" tabindex=\"0\">Prof. Assoc. Dr. Belina BUDINI<\/a>\n\t\t\t\t\t<\/div>\n\t\t\t\t\t<div id=\"elementor-tab-content-2431\" class=\"elementor-tab-content elementor-clearfix\" data-tab=\"1\" role=\"region\" aria-labelledby=\"elementor-tab-title-2431\"><p><strong><img fetchpriority=\"high\" decoding=\"async\" class=\"wp-image-9932 size-medium alignleft\" src=\"https:\/\/uet.edu.al\/wp-content\/uploads\/2021\/10\/Belina-Budini-1-300x204.jpg\" alt=\"\" width=\"300\" height=\"204\" srcset=\"https:\/\/uet.edu.al\/wp-content\/uploads\/2021\/10\/Belina-Budini-1-300x204.jpg 300w, https:\/\/uet.edu.al\/wp-content\/uploads\/2021\/10\/Belina-Budini-1-18x12.jpg 18w, https:\/\/uet.edu.al\/wp-content\/uploads\/2021\/10\/Belina-Budini-1.jpg 382w\" sizes=\"(max-width: 300px) 100vw, 300px\" \/><\/strong><\/p><p><strong>Media communication practics: Actors, Institutions, Culture<\/strong><\/p><\/div>\n\t\t\t\t<\/div>\n\t\t\t\t\t\t\t\t<\/div>\n\t\t\t\t\t\t<\/div>\n\t\t\t\t<\/div>\n\t\t\t\t<div class=\"elementor-element elementor-element-74537b7 elementor-widget elementor-widget-spacer\" data-id=\"74537b7\" data-element_type=\"widget\" data-widget_type=\"spacer.default\">\n\t\t\t\t<div class=\"elementor-widget-container\">\n\t\t\t\t\t\t\t<div class=\"elementor-spacer\">\n\t\t\t<div class=\"elementor-spacer-inner\"><\/div>\n\t\t<\/div>\n\t\t\t\t\t\t<\/div>\n\t\t\t\t<\/div>\n\t\t\t\t<div class=\"elementor-element elementor-element-d5afee6 elementor-widget elementor-widget-heading\" data-id=\"d5afee6\" data-element_type=\"widget\" data-widget_type=\"heading.default\">\n\t\t\t\t<div class=\"elementor-widget-container\">\n\t\t\t\t\t<h2 class=\"elementor-heading-title elementor-size-default\">Departamenti i Psikologjis\u00eb, Edukimit dhe Sporteve<\/h2>\t\t\t\t<\/div>\n\t\t\t\t<\/div>\n\t\t\t\t<div class=\"elementor-element elementor-element-cd86b15 elementor-widget elementor-widget-accordion\" data-id=\"cd86b15\" data-element_type=\"widget\" data-widget_type=\"accordion.default\">\n\t\t\t\t<div class=\"elementor-widget-container\">\n\t\t\t\t\t\t\t<div class=\"elementor-accordion\">\n\t\t\t\t\t\t\t<div class=\"elementor-accordion-item\">\n\t\t\t\t\t<div id=\"elementor-tab-title-2151\" class=\"elementor-tab-title\" data-tab=\"1\" role=\"button\" aria-controls=\"elementor-tab-content-2151\" aria-expanded=\"false\">\n\t\t\t\t\t\t\t\t\t\t\t\t\t<span class=\"elementor-accordion-icon elementor-accordion-icon-left\" aria-hidden=\"true\">\n\t\t\t\t\t\t\t\t\t\t\t\t\t\t\t<span class=\"elementor-accordion-icon-closed\"><i class=\"fas fa-plus\"><\/i><\/span>\n\t\t\t\t\t\t\t\t<span class=\"elementor-accordion-icon-opened\"><i class=\"fas fa-minus\"><\/i><\/span>\n\t\t\t\t\t\t\t\t\t\t\t\t\t\t<\/span>\n\t\t\t\t\t\t\t\t\t\t\t\t<a class=\"elementor-accordion-title\" tabindex=\"0\">Prof. Dr. Adrian PAPAJANI<\/a>\n\t\t\t\t\t<\/div>\n\t\t\t\t\t<div id=\"elementor-tab-content-2151\" class=\"elementor-tab-content elementor-clearfix\" data-tab=\"1\" role=\"region\" aria-labelledby=\"elementor-tab-title-2151\"><strong><img decoding=\"async\" class=\"wp-image-9735 size-medium alignleft\" src=\"https:\/\/uet.edu.al\/wp-content\/uploads\/2021\/10\/ADRIAN-PAPAJANI-300x200.jpg\" alt=\"\" width=\"300\" height=\"200\" srcset=\"https:\/\/uet.edu.al\/wp-content\/uploads\/2021\/10\/ADRIAN-PAPAJANI-300x200.jpg 300w, https:\/\/uet.edu.al\/wp-content\/uploads\/2021\/10\/ADRIAN-PAPAJANI-18x12.jpg 18w, https:\/\/uet.edu.al\/wp-content\/uploads\/2021\/10\/ADRIAN-PAPAJANI.jpg 519w\" sizes=\"(max-width: 300px) 100vw, 300px\" \/>The role of history teaching in the democratic \/ civic education of students and the social and material emancipation of society.\n<\/strong>\n<ul>\n \t<li>Papajani, A. (2017). Elements of Content and Presentation of School History Textbooks for Vth Grade of Basic Education in Albania From 1946 to 1991. Journal of Educational and Social Research, 7(3), 49. Retrieved from <a href=\"http:\/\/www.richtmann.org\/journal\/index.php\/jesr\/article\/view\/10076\">Click here for the link to publication<\/a>;<\/li>\n \t<li>Papajani, A. (2015). Aspects of Navigation Development in the Region of Shkodra during XVIII Century and the Beginning of XIX Century.\u00a0<em>Mediterranean Journal Of Social Sciences, 6<\/em>(1 S1), 156. Retrieved from\u00a0<a href=\"https:\/\/www.mcser.org\/journal\/index.php\/mjss\/article\/view\/5522\">Click here for the link to publication<\/a><\/li>\n \t<li>Papajani, A. (2012). The position of Women during Ottoman Empire and King\u2019s Zog Period in the\u00a0 District of Elbasan (co-author). Challenges of Education, International Journal of Science No2, ISSN 2225-7063,63<\/li>\n \t<li>Papajani, A. (2004) Syllabus change : An Albanian Perspective,. After the Wall. History teaching in Europe since 1989,106 \u00a0edited by Martin Roberts,Hamburg<\/li>\n \t<li>Papajani, A. (1998) Economic Activity of trading companies \u201c\u00c7oba-Bianki\u201d from Shkodra\u00a0 1795- 1912.\u00a0Monograph\u00a0\/\u00a0<a href=\"https:\/\/biblioteka.arkiva.gov.al\/books\/place\/1-tirane\">Click here for the link to publication<\/a> \/ <a href=\"https:\/\/biblioteka.arkiva.gov.al\/books\/publisher\/106-pegi\">Click here for the link to publication<\/a><\/li>\n<\/ul><\/div>\n\t\t\t\t<\/div>\n\t\t\t\t\t\t\t<div class=\"elementor-accordion-item\">\n\t\t\t\t\t<div id=\"elementor-tab-title-2152\" class=\"elementor-tab-title\" data-tab=\"2\" role=\"button\" aria-controls=\"elementor-tab-content-2152\" aria-expanded=\"false\">\n\t\t\t\t\t\t\t\t\t\t\t\t\t<span class=\"elementor-accordion-icon elementor-accordion-icon-left\" aria-hidden=\"true\">\n\t\t\t\t\t\t\t\t\t\t\t\t\t\t\t<span class=\"elementor-accordion-icon-closed\"><i class=\"fas fa-plus\"><\/i><\/span>\n\t\t\t\t\t\t\t\t<span class=\"elementor-accordion-icon-opened\"><i class=\"fas fa-minus\"><\/i><\/span>\n\t\t\t\t\t\t\t\t\t\t\t\t\t\t<\/span>\n\t\t\t\t\t\t\t\t\t\t\t\t<a class=\"elementor-accordion-title\" tabindex=\"0\">Prof. Assoc. Dr. Edi PUKA<\/a>\n\t\t\t\t\t<\/div>\n\t\t\t\t\t<div id=\"elementor-tab-content-2152\" class=\"elementor-tab-content elementor-clearfix\" data-tab=\"2\" role=\"region\" aria-labelledby=\"elementor-tab-title-2152\"><strong><img decoding=\"async\" class=\"wp-image-9739 size-medium alignleft\" src=\"https:\/\/uet.edu.al\/wp-content\/uploads\/2021\/10\/Edi-Puka-scaled-300x200.jpg\" alt=\"\" width=\"300\" height=\"200\" srcset=\"https:\/\/uet.edu.al\/wp-content\/uploads\/2021\/10\/Edi-Puka-scaled-300x200.jpg 300w, https:\/\/uet.edu.al\/wp-content\/uploads\/2021\/10\/Edi-Puka-scaled-1024x683.jpg 1024w, https:\/\/uet.edu.al\/wp-content\/uploads\/2021\/10\/Edi-Puka-768x512.jpg 768w, https:\/\/uet.edu.al\/wp-content\/uploads\/2021\/10\/Edi-Puka-scaled-1536x1024.jpg 1536w, https:\/\/uet.edu.al\/wp-content\/uploads\/2021\/10\/Edi-Puka-scaled-2048x1366.jpg 2048w, https:\/\/uet.edu.al\/wp-content\/uploads\/2021\/10\/Edi-Puka-scaled-18x12.jpg 18w, https:\/\/uet.edu.al\/wp-content\/uploads\/2021\/10\/Edi-Puka-scaled-600x400.jpg 600w\" sizes=\"(max-width: 300px) 100vw, 300px\" \/>Civic education, education policies and strategies in the Pre-University education\n<\/strong>\n<ul>\n \t<li><strong>Puka, E. <\/strong>(2018). Educazione ed ambiente comportamentale. <em>Formazione &amp; Insegnamento<\/em>, 16(<em>3<\/em>), 133-140. <a href=\"https:\/\/ojs.pensamultimedia.it\/index.php\/siref\/article\/view\/3103\">Click here for the link to publication<\/a><\/li>\n \t<li><strong>Puka, E., &amp; Beshiri, D.<\/strong> (2018). Political and social participation of italian women in the european context.<em> On Line Journal Modelling the New Europe<\/em>, 28, 160-181. <a href=\"http:\/\/neweurope.centre.ubbcluj.ro\/wp-content\/uploads\/2018\/12\/9.pdf\">Click here for the link to publication<\/a><\/li>\n \t<li><strong>Puka, E. <\/strong>(2018). Tradizione pedagogica nell\u2019Italia del secondo dopoguerra. <em>Pedagogia Piu\u2019 Didattica<\/em>, 4<em>(2)<\/em>, 19-23. <a href=\"https:\/\/rivistedigitali.erickson.it\/pedagogia-piu-didattica\/archivio\/vol-4-n-2\/\">Click here for the link to publication<\/a><\/li>\n \t<li><strong>Vero, E., &amp; Puka, E. <\/strong>(2018). The effectiveness of critical thinking in higher education. <em>On Line Journal Modelling the New Europe<\/em>, 26, 217-233. <a href=\"http:\/\/neweurope.centre.ubbcluj.ro\/?page_id=1868\">Click here for the link to publication<\/a><\/li>\n \t<li><strong>Vero, E., &amp; Puka, E. <\/strong>(2017). The importance of motivation in an educational environment. <em>European Journal of Research on Education and Teaching, 15<\/em>(1), 57-66. <a href=\"https:\/\/ojs.pensamultimedia.it\/index.php\/siref\/article\/view\/2164\">Click here for the link to publication<\/a><\/li>\n \t<li><strong>Puka, E., &amp; Beshiri, D.<\/strong> (2016). Education and participation of women in politics. An empirical investigation. <em>Encyclopaideia, 20<\/em>(46), 143-157. <a href=\"https:\/\/encp.unibo.it\/article\/view\/6525\">Click here for the link to publication<\/a><\/li>\n \t<li><strong>Beshiri, D., &amp; Puka, E.<\/strong> (2016). Adult Education in a global society; An historical point of view. <em>European Journal of Research on Education and Teaching<\/em>, <em>14<\/em>(2), 31-44. <a href=\"https:\/\/ojs.pensamultimedia.it\/index.php\/siref\/article\/view\/1829\">Click here for the link to publication<\/a><\/li>\n \t<li><strong>Beshiri, D., &amp; Puka, E.<\/strong> (2015). Multiculturalism Dimension in the Adult Education. <em>Journal of Educational And Social Research, 5<\/em>(1), 371-376. <a href=\"https:\/\/www.mcser.org\/journal\/index.php\/jesr\/article\/view\/5631\/5434\">Click here for the link to publication<\/a><\/li>\n \t<li><strong>Beshiri, D., &amp; Puka, E.<\/strong> (2014). The thinking machine and the educational thought<em>.<\/em> <em>European Journal of Research on Education and Teaching<\/em>, <em>12<\/em>(3), 71-75. <a href=\"https:\/\/ojs.pensamultimedia.it\/index.php\/siref\/article\/view\/1118\">Click here for the link to publication<\/a><\/li>\n \t<li><strong>Puka, E. <\/strong>(2014). Political Education. The Global Education of Citizen through Active Citizenship. Studi Sulla Formazione\/Open Journal of Education, <em>16<\/em>(2), 229-236. <a href=\"https:\/\/oajournals.fupress.net\/index.php\/sf\/article\/view\/9323\">Click here for the link to publication<\/a><\/li>\n<\/ul><\/div>\n\t\t\t\t<\/div>\n\t\t\t\t\t\t\t<div class=\"elementor-accordion-item\">\n\t\t\t\t\t<div id=\"elementor-tab-title-2153\" class=\"elementor-tab-title\" data-tab=\"3\" role=\"button\" aria-controls=\"elementor-tab-content-2153\" aria-expanded=\"false\">\n\t\t\t\t\t\t\t\t\t\t\t\t\t<span class=\"elementor-accordion-icon elementor-accordion-icon-left\" aria-hidden=\"true\">\n\t\t\t\t\t\t\t\t\t\t\t\t\t\t\t<span class=\"elementor-accordion-icon-closed\"><i class=\"fas fa-plus\"><\/i><\/span>\n\t\t\t\t\t\t\t\t<span class=\"elementor-accordion-icon-opened\"><i class=\"fas fa-minus\"><\/i><\/span>\n\t\t\t\t\t\t\t\t\t\t\t\t\t\t<\/span>\n\t\t\t\t\t\t\t\t\t\t\t\t<a class=\"elementor-accordion-title\" tabindex=\"0\">Prof. Assoc. Dr. Tomi TRESKA<\/a>\n\t\t\t\t\t<\/div>\n\t\t\t\t\t<div id=\"elementor-tab-content-2153\" class=\"elementor-tab-content elementor-clearfix\" data-tab=\"3\" role=\"region\" aria-labelledby=\"elementor-tab-title-2153\"><p><strong><img loading=\"lazy\" decoding=\"async\" class=\"size-medium wp-image-9737 alignleft\" src=\"https:\/\/uet.edu.al\/wp-content\/uploads\/2021\/10\/Tomi-Treska-e1633094440707-274x300.jpg\" alt=\"\" width=\"274\" height=\"300\" srcset=\"https:\/\/uet.edu.al\/wp-content\/uploads\/2021\/10\/Tomi-Treska-e1633094440707-274x300.jpg 274w, https:\/\/uet.edu.al\/wp-content\/uploads\/2021\/10\/Tomi-Treska-e1633094440707-934x1024.jpg 934w, https:\/\/uet.edu.al\/wp-content\/uploads\/2021\/10\/Tomi-Treska-e1633094440707-768x842.jpg 768w, https:\/\/uet.edu.al\/wp-content\/uploads\/2021\/10\/Tomi-Treska-e1633094440707-1400x1536.jpg 1400w, https:\/\/uet.edu.al\/wp-content\/uploads\/2021\/10\/Tomi-Treska-e1633094440707-11x12.jpg 11w, https:\/\/uet.edu.al\/wp-content\/uploads\/2021\/10\/Tomi-Treska-e1633094440707-600x658.jpg 600w, https:\/\/uet.edu.al\/wp-content\/uploads\/2021\/10\/Tomi-Treska-e1633094440707.jpg 1426w\" sizes=\"(max-width: 274px) 100vw, 274px\" \/>Policy, reforms and actors in the Albanian Pre-University education system.<br \/><\/strong><\/p><p>\u00a0<\/p><\/div>\n\t\t\t\t<\/div>\n\t\t\t\t\t\t\t\t<\/div>\n\t\t\t\t\t\t<\/div>\n\t\t\t\t<\/div>\n\t\t\t\t<div class=\"elementor-element elementor-element-d59bec6 elementor-widget elementor-widget-spacer\" data-id=\"d59bec6\" data-element_type=\"widget\" data-widget_type=\"spacer.default\">\n\t\t\t\t<div class=\"elementor-widget-container\">\n\t\t\t\t\t\t\t<div class=\"elementor-spacer\">\n\t\t\t<div class=\"elementor-spacer-inner\"><\/div>\n\t\t<\/div>\n\t\t\t\t\t\t<\/div>\n\t\t\t\t<\/div>\n\t\t\t\t<div class=\"elementor-element elementor-element-16bbb80 elementor-widget elementor-widget-heading\" data-id=\"16bbb80\" data-element_type=\"widget\" data-widget_type=\"heading.default\">\n\t\t\t\t<div class=\"elementor-widget-container\">\n\t\t\t\t\t<h2 class=\"elementor-heading-title elementor-size-default\">Department of Applied Arts<\/h2>\t\t\t\t<\/div>\n\t\t\t\t<\/div>\n\t\t\t\t<div class=\"elementor-element elementor-element-4475c11 elementor-widget elementor-widget-accordion\" data-id=\"4475c11\" data-element_type=\"widget\" data-widget_type=\"accordion.default\">\n\t\t\t\t<div class=\"elementor-widget-container\">\n\t\t\t\t\t\t\t<div class=\"elementor-accordion\">\n\t\t\t\t\t\t\t<div class=\"elementor-accordion-item\">\n\t\t\t\t\t<div id=\"elementor-tab-title-7171\" class=\"elementor-tab-title\" data-tab=\"1\" role=\"button\" aria-controls=\"elementor-tab-content-7171\" aria-expanded=\"false\">\n\t\t\t\t\t\t\t\t\t\t\t\t\t<span class=\"elementor-accordion-icon elementor-accordion-icon-left\" aria-hidden=\"true\">\n\t\t\t\t\t\t\t\t\t\t\t\t\t\t\t<span class=\"elementor-accordion-icon-closed\"><i class=\"fas fa-plus\"><\/i><\/span>\n\t\t\t\t\t\t\t\t<span class=\"elementor-accordion-icon-opened\"><i class=\"fas fa-minus\"><\/i><\/span>\n\t\t\t\t\t\t\t\t\t\t\t\t\t\t<\/span>\n\t\t\t\t\t\t\t\t\t\t\t\t<a class=\"elementor-accordion-title\" tabindex=\"0\">Prof. Dr. Bujar KAPEXHIU<\/a>\n\t\t\t\t\t<\/div>\n\t\t\t\t\t<div id=\"elementor-tab-content-7171\" class=\"elementor-tab-content elementor-clearfix\" data-tab=\"1\" role=\"region\" aria-labelledby=\"elementor-tab-title-7171\"><p><strong><img loading=\"lazy\" decoding=\"async\" class=\"wp-image-10453 size-medium alignleft\" src=\"https:\/\/uet.edu.al\/wp-content\/uploads\/2021\/11\/bujar-kapexhiu-770x433-1-300x169.jpg\" alt=\"\" width=\"300\" height=\"169\" srcset=\"https:\/\/uet.edu.al\/wp-content\/uploads\/2021\/11\/bujar-kapexhiu-770x433-1-300x169.jpg 300w, https:\/\/uet.edu.al\/wp-content\/uploads\/2021\/11\/bujar-kapexhiu-770x433-1-768x432.jpg 768w, https:\/\/uet.edu.al\/wp-content\/uploads\/2021\/11\/bujar-kapexhiu-770x433-1-18x10.jpg 18w, https:\/\/uet.edu.al\/wp-content\/uploads\/2021\/11\/bujar-kapexhiu-770x433-1.jpg 770w\" sizes=\"(max-width: 300px) 100vw, 300px\" \/>Visual communication in Arts, Culture and Politics.<\/strong><\/p><\/div>\n\t\t\t\t<\/div>\n\t\t\t\t\t\t\t<div class=\"elementor-accordion-item\">\n\t\t\t\t\t<div id=\"elementor-tab-title-7172\" class=\"elementor-tab-title\" data-tab=\"2\" role=\"button\" aria-controls=\"elementor-tab-content-7172\" aria-expanded=\"false\">\n\t\t\t\t\t\t\t\t\t\t\t\t\t<span class=\"elementor-accordion-icon elementor-accordion-icon-left\" aria-hidden=\"true\">\n\t\t\t\t\t\t\t\t\t\t\t\t\t\t\t<span class=\"elementor-accordion-icon-closed\"><i class=\"fas fa-plus\"><\/i><\/span>\n\t\t\t\t\t\t\t\t<span class=\"elementor-accordion-icon-opened\"><i class=\"fas fa-minus\"><\/i><\/span>\n\t\t\t\t\t\t\t\t\t\t\t\t\t\t<\/span>\n\t\t\t\t\t\t\t\t\t\t\t\t<a class=\"elementor-accordion-title\" tabindex=\"0\">Prof. Assoc. Dr. Edith MIHALI<\/a>\n\t\t\t\t\t<\/div>\n\t\t\t\t\t<div id=\"elementor-tab-content-7172\" class=\"elementor-tab-content elementor-clearfix\" data-tab=\"2\" role=\"region\" aria-labelledby=\"elementor-tab-title-7172\"><p><strong>Tradition and development of musical communication.\u00a0 <\/strong><\/p><\/div>\n\t\t\t\t<\/div>\n\t\t\t\t\t\t\t<div class=\"elementor-accordion-item\">\n\t\t\t\t\t<div id=\"elementor-tab-title-7173\" class=\"elementor-tab-title\" data-tab=\"3\" role=\"button\" aria-controls=\"elementor-tab-content-7173\" aria-expanded=\"false\">\n\t\t\t\t\t\t\t\t\t\t\t\t\t<span class=\"elementor-accordion-icon elementor-accordion-icon-left\" aria-hidden=\"true\">\n\t\t\t\t\t\t\t\t\t\t\t\t\t\t\t<span class=\"elementor-accordion-icon-closed\"><i class=\"fas fa-plus\"><\/i><\/span>\n\t\t\t\t\t\t\t\t<span class=\"elementor-accordion-icon-opened\"><i class=\"fas fa-minus\"><\/i><\/span>\n\t\t\t\t\t\t\t\t\t\t\t\t\t\t<\/span>\n\t\t\t\t\t\t\t\t\t\t\t\t<a class=\"elementor-accordion-title\" tabindex=\"0\">Prof. Dr. Shqipe ZANI<\/a>\n\t\t\t\t\t<\/div>\n\t\t\t\t\t<div id=\"elementor-tab-content-7173\" class=\"elementor-tab-content elementor-clearfix\" data-tab=\"3\" role=\"region\" aria-labelledby=\"elementor-tab-title-7173\"><p><strong>Vocal creativity in the national culture physiognomy<\/strong><\/p><\/div>\n\t\t\t\t<\/div>\n\t\t\t\t\t\t\t<div class=\"elementor-accordion-item\">\n\t\t\t\t\t<div id=\"elementor-tab-title-7174\" class=\"elementor-tab-title\" data-tab=\"4\" role=\"button\" aria-controls=\"elementor-tab-content-7174\" aria-expanded=\"false\">\n\t\t\t\t\t\t\t\t\t\t\t\t\t<span class=\"elementor-accordion-icon elementor-accordion-icon-left\" aria-hidden=\"true\">\n\t\t\t\t\t\t\t\t\t\t\t\t\t\t\t<span class=\"elementor-accordion-icon-closed\"><i class=\"fas fa-plus\"><\/i><\/span>\n\t\t\t\t\t\t\t\t<span class=\"elementor-accordion-icon-opened\"><i class=\"fas fa-minus\"><\/i><\/span>\n\t\t\t\t\t\t\t\t\t\t\t\t\t\t<\/span>\n\t\t\t\t\t\t\t\t\t\t\t\t<a class=\"elementor-accordion-title\" tabindex=\"0\">Prof. Dr. Pirro MISO <\/a>\n\t\t\t\t\t<\/div>\n\t\t\t\t\t<div id=\"elementor-tab-content-7174\" class=\"elementor-tab-content elementor-clearfix\" data-tab=\"4\" role=\"region\" aria-labelledby=\"elementor-tab-title-7174\"><p><strong>Civic musical formations in the South-East Albania.<\/strong><\/p><\/div>\n\t\t\t\t<\/div>\n\t\t\t\t\t\t\t<div class=\"elementor-accordion-item\">\n\t\t\t\t\t<div id=\"elementor-tab-title-7175\" class=\"elementor-tab-title\" data-tab=\"5\" role=\"button\" aria-controls=\"elementor-tab-content-7175\" aria-expanded=\"false\">\n\t\t\t\t\t\t\t\t\t\t\t\t\t<span class=\"elementor-accordion-icon elementor-accordion-icon-left\" aria-hidden=\"true\">\n\t\t\t\t\t\t\t\t\t\t\t\t\t\t\t<span class=\"elementor-accordion-icon-closed\"><i class=\"fas fa-plus\"><\/i><\/span>\n\t\t\t\t\t\t\t\t<span class=\"elementor-accordion-icon-opened\"><i class=\"fas fa-minus\"><\/i><\/span>\n\t\t\t\t\t\t\t\t\t\t\t\t\t\t<\/span>\n\t\t\t\t\t\t\t\t\t\t\t\t<a class=\"elementor-accordion-title\" tabindex=\"0\">Prof. Dr. Ramazan PEKU<\/a>\n\t\t\t\t\t<\/div>\n\t\t\t\t\t<div id=\"elementor-tab-content-7175\" class=\"elementor-tab-content elementor-clearfix\" data-tab=\"5\" role=\"region\" aria-labelledby=\"elementor-tab-title-7175\"><\/div>\n\t\t\t\t<\/div>\n\t\t\t\t\t\t\t\t<\/div>\n\t\t\t\t\t\t<\/div>\n\t\t\t\t<\/div>\n\t\t\t\t<div class=\"elementor-element elementor-element-7165712 elementor-hidden-phone elementor-widget elementor-widget-spacer\" data-id=\"7165712\" data-element_type=\"widget\" data-widget_type=\"spacer.default\">\n\t\t\t\t<div class=\"elementor-widget-container\">\n\t\t\t\t\t\t\t<div class=\"elementor-spacer\">\n\t\t\t<div class=\"elementor-spacer-inner\"><\/div>\n\t\t<\/div>\n\t\t\t\t\t\t<\/div>\n\t\t\t\t<\/div>\n\t\t\t\t\t<\/div>\n\t\t<\/div>\n\t\t\t\t<div class=\"elementor-column elementor-col-50 elementor-top-column elementor-element elementor-element-e7401a4 elementor-hidden-phone\" data-id=\"e7401a4\" data-element_type=\"column\">\n\t\t\t<div class=\"elementor-widget-wrap elementor-element-populated\">\n\t\t\t\t\t\t<div class=\"elementor-element elementor-element-d84e8e0 elementor-widget elementor-widget-spacer\" data-id=\"d84e8e0\" data-element_type=\"widget\" data-widget_type=\"spacer.default\">\n\t\t\t\t<div class=\"elementor-widget-container\">\n\t\t\t\t\t\t\t<div class=\"elementor-spacer\">\n\t\t\t<div class=\"elementor-spacer-inner\"><\/div>\n\t\t<\/div>\n\t\t\t\t\t\t<\/div>\n\t\t\t\t<\/div>\n\t\t\t\t<div class=\"elementor-element elementor-element-857c70e elementor-widget elementor-widget-heading\" data-id=\"857c70e\" data-element_type=\"widget\" data-widget_type=\"heading.default\">\n\t\t\t\t<div class=\"elementor-widget-container\">\n\t\t\t\t\t<h1 class=\"elementor-heading-title elementor-size-default\">Scientific Research<\/h1>\t\t\t\t<\/div>\n\t\t\t\t<\/div>\n\t\t\t\t<div class=\"elementor-element elementor-element-6497e81 elementor-nav-menu__align-start elementor-nav-menu--dropdown-tablet elementor-nav-menu__text-align-aside elementor-nav-menu--toggle elementor-nav-menu--burger elementor-widget elementor-widget-nav-menu\" data-id=\"6497e81\" data-element_type=\"widget\" data-settings=\"{&quot;layout&quot;:&quot;vertical&quot;,&quot;submenu_icon&quot;:{&quot;value&quot;:&quot;&lt;i class=\\&quot;\\&quot; aria-hidden=\\&quot;true\\&quot;&gt;&lt;\\\/i&gt;&quot;,&quot;library&quot;:&quot;&quot;},&quot;toggle&quot;:&quot;burger&quot;}\" data-widget_type=\"nav-menu.default\">\n\t\t\t\t<div class=\"elementor-widget-container\">\n\t\t\t\t\t\t\t\t<nav aria-label=\"Menu\" class=\"elementor-nav-menu--main elementor-nav-menu__container elementor-nav-menu--layout-vertical e--pointer-underline e--animation-fade\">\n\t\t\t\t<ul id=\"menu-1-6497e81\" class=\"elementor-nav-menu sm-vertical\"><li class=\"menu-item menu-item-type-post_type menu-item-object-page menu-item-10320 tc-menu-item tc-menu-depth-0 tc-menu-align-left tc-menu-layout-default\"><a href=\"https:\/\/uet.edu.al\/en\/kerkimi-shkencor\/\" class=\"elementor-item\">Strategy<\/a><\/li>\n<li class=\"menu-item menu-item-type-post_type menu-item-object-page menu-item-10404 tc-menu-item tc-menu-depth-0 tc-menu-align-left tc-menu-layout-default\"><a href=\"https:\/\/uet.edu.al\/en\/projektet-e-grupet-kerkimore\/\" class=\"elementor-item\">Projects of Research Groups<\/a><\/li>\n<li class=\"menu-item menu-item-type-post_type menu-item-object-page menu-item-10495 tc-menu-item tc-menu-depth-0 tc-menu-align-left tc-menu-layout-default\"><a href=\"https:\/\/uet.edu.al\/en\/revistat-shkencore\/\" class=\"elementor-item\">Scientific Journal<\/a><\/li>\n<li class=\"menu-item menu-item-type-post_type menu-item-object-page menu-item-10569 tc-menu-item tc-menu-depth-0 tc-menu-align-left tc-menu-layout-default\"><a href=\"https:\/\/uet.edu.al\/en\/konferenca\/\" class=\"elementor-item\">Conferences<\/a><\/li>\n<li class=\"menu-item menu-item-type-custom menu-item-object-custom menu-item-19758 tc-menu-item tc-menu-depth-0 tc-menu-align-left tc-menu-layout-default\"><a href=\"https:\/\/uet.edu.al\/wp-content\/uploads\/2025\/06\/Manuscript-Template-ASD-2025.docx\" class=\"elementor-item\">Manuscript Template<\/a><\/li>\n<\/ul>\t\t\t<\/nav>\n\t\t\t\t\t<div class=\"elementor-menu-toggle\" role=\"button\" tabindex=\"0\" aria-label=\"Menu Toggle\" aria-expanded=\"false\">\n\t\t\t<i aria-hidden=\"true\" role=\"presentation\" class=\"elementor-menu-toggle__icon--open eicon-menu-bar\"><\/i><i aria-hidden=\"true\" role=\"presentation\" class=\"elementor-menu-toggle__icon--close eicon-close\"><\/i>\t\t<\/div>\n\t\t\t\t\t<nav class=\"elementor-nav-menu--dropdown elementor-nav-menu__container\" aria-hidden=\"true\">\n\t\t\t\t<ul id=\"menu-2-6497e81\" class=\"elementor-nav-menu sm-vertical\"><li class=\"menu-item menu-item-type-post_type menu-item-object-page menu-item-10320 tc-menu-item tc-menu-depth-0 tc-menu-align-left tc-menu-layout-default\"><a href=\"https:\/\/uet.edu.al\/en\/kerkimi-shkencor\/\" class=\"elementor-item\" tabindex=\"-1\">Strategy<\/a><\/li>\n<li class=\"menu-item menu-item-type-post_type menu-item-object-page menu-item-10404 tc-menu-item tc-menu-depth-0 tc-menu-align-left tc-menu-layout-default\"><a href=\"https:\/\/uet.edu.al\/en\/projektet-e-grupet-kerkimore\/\" class=\"elementor-item\" tabindex=\"-1\">Projects of Research Groups<\/a><\/li>\n<li class=\"menu-item menu-item-type-post_type menu-item-object-page menu-item-10495 tc-menu-item tc-menu-depth-0 tc-menu-align-left tc-menu-layout-default\"><a href=\"https:\/\/uet.edu.al\/en\/revistat-shkencore\/\" class=\"elementor-item\" tabindex=\"-1\">Scientific Journal<\/a><\/li>\n<li class=\"menu-item menu-item-type-post_type menu-item-object-page menu-item-10569 tc-menu-item tc-menu-depth-0 tc-menu-align-left tc-menu-layout-default\"><a href=\"https:\/\/uet.edu.al\/en\/konferenca\/\" class=\"elementor-item\" tabindex=\"-1\">Conferences<\/a><\/li>\n<li class=\"menu-item menu-item-type-custom menu-item-object-custom menu-item-19758 tc-menu-item tc-menu-depth-0 tc-menu-align-left tc-menu-layout-default\"><a href=\"https:\/\/uet.edu.al\/wp-content\/uploads\/2025\/06\/Manuscript-Template-ASD-2025.docx\" class=\"elementor-item\" tabindex=\"-1\">Manuscript Template<\/a><\/li>\n<\/ul>\t\t\t<\/nav>\n\t\t\t\t\t\t<\/div>\n\t\t\t\t<\/div>\n\t\t\t\t\t<\/div>\n\t\t<\/div>\n\t\t\t\t\t<\/div>\n\t\t<\/section>\n\t\t\t\t<\/div>","protected":false},"excerpt":{"rendered":"<p>Departamenti i Shkencave Humane dhe Komunikimit Prof. Assoc. Dr. Belina BUDINI Praktikat e komunikimit n\u00eb media: Aktor\u00eb, Institucione, Kultur\u00eb Departamenti i Psikologjis\u00eb, Edukimit dhe Sporteve Prof. Dr. Adrian PAPAJANI P\u00ebrmir\u00ebsimi i m\u00ebsimdh\u00ebnies s\u00eb historis\u00eb n\u00eb arsimin baz\u00eb. \u00c7far\u00eb mund t\u00eb &hellip; <\/p>","protected":false},"author":1,"featured_media":0,"parent":0,"menu_order":0,"comment_status":"closed","ping_status":"closed","template":"","meta":{"footnotes":""},"class_list":["post-10448","page","type-page","status-publish","hentry"],"yoast_head":"<!-- This site is optimized with the Yoast SEO plugin v26.9 - https:\/\/yoast.com\/product\/yoast-seo-wordpress\/ -->\n<title>Fakulteti i Shkencave Humane, Edukimi dhe Artet Liberale - Grupi k\u00ebrkimor - UET<\/title>\n<meta name=\"robots\" content=\"index, follow, max-snippet:-1, max-image-preview:large, max-video-preview:-1\" \/>\n<link rel=\"canonical\" href=\"https:\/\/uet.edu.al\/en\/fakulteti-i-shkencave-humane-edukimi-dhe-artet-liberale-grupi-kerkimor\/\" \/>\n<meta property=\"og:locale\" content=\"en_US\" \/>\n<meta property=\"og:type\" content=\"article\" \/>\n<meta property=\"og:title\" content=\"Fakulteti i Shkencave Humane, Edukimi dhe Artet Liberale - Grupi k\u00ebrkimor - UET\" \/>\n<meta property=\"og:description\" content=\"Departamenti i Shkencave Humane dhe Komunikimit Prof. Assoc. Dr. Belina BUDINI Praktikat e komunikimit n\u00eb media: Aktor\u00eb, Institucione, Kultur\u00eb Departamenti i Psikologjis\u00eb, Edukimit dhe Sporteve Prof. Dr. Adrian PAPAJANI P\u00ebrmir\u00ebsimi i m\u00ebsimdh\u00ebnies s\u00eb historis\u00eb n\u00eb arsimin baz\u00eb. \u00c7far\u00eb mund t\u00eb &hellip;\" \/>\n<meta property=\"og:url\" content=\"https:\/\/uet.edu.al\/en\/fakulteti-i-shkencave-humane-edukimi-dhe-artet-liberale-grupi-kerkimor\/\" \/>\n<meta property=\"og:site_name\" content=\"UET\" \/>\n<meta property=\"article:publisher\" content=\"https:\/\/www.facebook.com\/UniversitetiEuropianiTiranes\/\" \/>\n<meta property=\"article:modified_time\" content=\"2021-11-13T20:12:37+00:00\" \/>\n<meta property=\"og:image\" content=\"https:\/\/uet.edu.al\/wp-content\/uploads\/2021\/10\/Belina-Budini-1-300x204.jpg\" \/>\n<meta name=\"twitter:card\" content=\"summary_large_image\" \/>\n<meta name=\"twitter:label1\" content=\"Est. reading time\" \/>\n\t<meta name=\"twitter:data1\" content=\"3 minutes\" \/>\n<script type=\"application\/ld+json\" class=\"yoast-schema-graph\">{\"@context\":\"https:\/\/schema.org\",\"@graph\":[{\"@type\":\"WebPage\",\"@id\":\"https:\/\/uet.edu.al\/fakulteti-i-shkencave-humane-edukimi-dhe-artet-liberale-grupi-kerkimor\/\",\"url\":\"https:\/\/uet.edu.al\/fakulteti-i-shkencave-humane-edukimi-dhe-artet-liberale-grupi-kerkimor\/\",\"name\":\"Fakulteti i Shkencave Humane, Edukimi dhe Artet Liberale - Grupi k\u00ebrkimor - UET\",\"isPartOf\":{\"@id\":\"https:\/\/uet.edu.al\/en\/#website\"},\"primaryImageOfPage\":{\"@id\":\"https:\/\/uet.edu.al\/fakulteti-i-shkencave-humane-edukimi-dhe-artet-liberale-grupi-kerkimor\/#primaryimage\"},\"image\":{\"@id\":\"https:\/\/uet.edu.al\/fakulteti-i-shkencave-humane-edukimi-dhe-artet-liberale-grupi-kerkimor\/#primaryimage\"},\"thumbnailUrl\":\"https:\/\/uet.edu.al\/wp-content\/uploads\/2021\/10\/Belina-Budini-1-300x204.jpg\",\"datePublished\":\"2021-11-02T15:49:54+00:00\",\"dateModified\":\"2021-11-13T20:12:37+00:00\",\"breadcrumb\":{\"@id\":\"https:\/\/uet.edu.al\/fakulteti-i-shkencave-humane-edukimi-dhe-artet-liberale-grupi-kerkimor\/#breadcrumb\"},\"inLanguage\":\"en-US\",\"potentialAction\":[{\"@type\":\"ReadAction\",\"target\":[\"https:\/\/uet.edu.al\/fakulteti-i-shkencave-humane-edukimi-dhe-artet-liberale-grupi-kerkimor\/\"]}]},{\"@type\":\"ImageObject\",\"inLanguage\":\"en-US\",\"@id\":\"https:\/\/uet.edu.al\/fakulteti-i-shkencave-humane-edukimi-dhe-artet-liberale-grupi-kerkimor\/#primaryimage\",\"url\":\"https:\/\/uet.edu.al\/wp-content\/uploads\/2021\/10\/Belina-Budini-1-300x204.jpg\",\"contentUrl\":\"https:\/\/uet.edu.al\/wp-content\/uploads\/2021\/10\/Belina-Budini-1-300x204.jpg\"},{\"@type\":\"BreadcrumbList\",\"@id\":\"https:\/\/uet.edu.al\/fakulteti-i-shkencave-humane-edukimi-dhe-artet-liberale-grupi-kerkimor\/#breadcrumb\",\"itemListElement\":[{\"@type\":\"ListItem\",\"position\":1,\"name\":\"Home\",\"item\":\"https:\/\/uet.edu.al\/\"},{\"@type\":\"ListItem\",\"position\":2,\"name\":\"Fakulteti i Shkencave Humane, Edukimi dhe Artet Liberale &#8211; Grupi k\u00ebrkimor\"}]},{\"@type\":\"WebSite\",\"@id\":\"https:\/\/uet.edu.al\/en\/#website\",\"url\":\"https:\/\/uet.edu.al\/en\/\",\"name\":\"UET\",\"description\":\"Universiteti Europian i Tiran\u00ebs\",\"publisher\":{\"@id\":\"https:\/\/uet.edu.al\/en\/#organization\"},\"potentialAction\":[{\"@type\":\"SearchAction\",\"target\":{\"@type\":\"EntryPoint\",\"urlTemplate\":\"https:\/\/uet.edu.al\/en\/?s={search_term_string}\"},\"query-input\":{\"@type\":\"PropertyValueSpecification\",\"valueRequired\":true,\"valueName\":\"search_term_string\"}}],\"inLanguage\":\"en-US\"},{\"@type\":\"Organization\",\"@id\":\"https:\/\/uet.edu.al\/en\/#organization\",\"name\":\"Universiteti Europian i Tiranes\",\"url\":\"https:\/\/uet.edu.al\/en\/\",\"logo\":{\"@type\":\"ImageObject\",\"inLanguage\":\"en-US\",\"@id\":\"https:\/\/uet.edu.al\/en\/#\/schema\/logo\/image\/\",\"url\":\"https:\/\/uet.edu.al\/wp-content\/uploads\/2022\/12\/Logo-pa-adrese.png\",\"contentUrl\":\"https:\/\/uet.edu.al\/wp-content\/uploads\/2022\/12\/Logo-pa-adrese.png\",\"width\":1418,\"height\":696,\"caption\":\"Universiteti Europian i Tiranes\"},\"image\":{\"@id\":\"https:\/\/uet.edu.al\/en\/#\/schema\/logo\/image\/\"},\"sameAs\":[\"https:\/\/www.facebook.com\/UniversitetiEuropianiTiranes\/\"]}]}<\/script>\n<!-- \/ Yoast SEO plugin. -->","yoast_head_json":{"title":"Fakulteti i Shkencave Humane, Edukimi dhe Artet Liberale - Grupi k\u00ebrkimor - UET","robots":{"index":"index","follow":"follow","max-snippet":"max-snippet:-1","max-image-preview":"max-image-preview:large","max-video-preview":"max-video-preview:-1"},"canonical":"https:\/\/uet.edu.al\/en\/fakulteti-i-shkencave-humane-edukimi-dhe-artet-liberale-grupi-kerkimor\/","og_locale":"en_US","og_type":"article","og_title":"Fakulteti i Shkencave Humane, Edukimi dhe Artet Liberale - Grupi k\u00ebrkimor - UET","og_description":"Departamenti i Shkencave Humane dhe Komunikimit Prof. Assoc. Dr. Belina BUDINI Praktikat e komunikimit n\u00eb media: Aktor\u00eb, Institucione, Kultur\u00eb Departamenti i Psikologjis\u00eb, Edukimit dhe Sporteve Prof. Dr. Adrian PAPAJANI P\u00ebrmir\u00ebsimi i m\u00ebsimdh\u00ebnies s\u00eb historis\u00eb n\u00eb arsimin baz\u00eb. \u00c7far\u00eb mund t\u00eb &hellip;","og_url":"https:\/\/uet.edu.al\/en\/fakulteti-i-shkencave-humane-edukimi-dhe-artet-liberale-grupi-kerkimor\/","og_site_name":"UET","article_publisher":"https:\/\/www.facebook.com\/UniversitetiEuropianiTiranes\/","article_modified_time":"2021-11-13T20:12:37+00:00","og_image":[{"url":"https:\/\/uet.edu.al\/wp-content\/uploads\/2021\/10\/Belina-Budini-1-300x204.jpg","type":"","width":"","height":""}],"twitter_card":"summary_large_image","twitter_misc":{"Est. reading time":"3 minutes"},"schema":{"@context":"https:\/\/schema.org","@graph":[{"@type":"WebPage","@id":"https:\/\/uet.edu.al\/fakulteti-i-shkencave-humane-edukimi-dhe-artet-liberale-grupi-kerkimor\/","url":"https:\/\/uet.edu.al\/fakulteti-i-shkencave-humane-edukimi-dhe-artet-liberale-grupi-kerkimor\/","name":"Fakulteti i Shkencave Humane, Edukimi dhe Artet Liberale - Grupi k\u00ebrkimor - UET","isPartOf":{"@id":"https:\/\/uet.edu.al\/en\/#website"},"primaryImageOfPage":{"@id":"https:\/\/uet.edu.al\/fakulteti-i-shkencave-humane-edukimi-dhe-artet-liberale-grupi-kerkimor\/#primaryimage"},"image":{"@id":"https:\/\/uet.edu.al\/fakulteti-i-shkencave-humane-edukimi-dhe-artet-liberale-grupi-kerkimor\/#primaryimage"},"thumbnailUrl":"https:\/\/uet.edu.al\/wp-content\/uploads\/2021\/10\/Belina-Budini-1-300x204.jpg","datePublished":"2021-11-02T15:49:54+00:00","dateModified":"2021-11-13T20:12:37+00:00","breadcrumb":{"@id":"https:\/\/uet.edu.al\/fakulteti-i-shkencave-humane-edukimi-dhe-artet-liberale-grupi-kerkimor\/#breadcrumb"},"inLanguage":"en-US","potentialAction":[{"@type":"ReadAction","target":["https:\/\/uet.edu.al\/fakulteti-i-shkencave-humane-edukimi-dhe-artet-liberale-grupi-kerkimor\/"]}]},{"@type":"ImageObject","inLanguage":"en-US","@id":"https:\/\/uet.edu.al\/fakulteti-i-shkencave-humane-edukimi-dhe-artet-liberale-grupi-kerkimor\/#primaryimage","url":"https:\/\/uet.edu.al\/wp-content\/uploads\/2021\/10\/Belina-Budini-1-300x204.jpg","contentUrl":"https:\/\/uet.edu.al\/wp-content\/uploads\/2021\/10\/Belina-Budini-1-300x204.jpg"},{"@type":"BreadcrumbList","@id":"https:\/\/uet.edu.al\/fakulteti-i-shkencave-humane-edukimi-dhe-artet-liberale-grupi-kerkimor\/#breadcrumb","itemListElement":[{"@type":"ListItem","position":1,"name":"Home","item":"https:\/\/uet.edu.al\/"},{"@type":"ListItem","position":2,"name":"Fakulteti i Shkencave Humane, Edukimi dhe Artet Liberale &#8211; Grupi k\u00ebrkimor"}]},{"@type":"WebSite","@id":"https:\/\/uet.edu.al\/en\/#website","url":"https:\/\/uet.edu.al\/en\/","name":"UET","description":"Universiteti Europian i Tiran\u00ebs","publisher":{"@id":"https:\/\/uet.edu.al\/en\/#organization"},"potentialAction":[{"@type":"SearchAction","target":{"@type":"EntryPoint","urlTemplate":"https:\/\/uet.edu.al\/en\/?s={search_term_string}"},"query-input":{"@type":"PropertyValueSpecification","valueRequired":true,"valueName":"search_term_string"}}],"inLanguage":"en-US"},{"@type":"Organization","@id":"https:\/\/uet.edu.al\/en\/#organization","name":"Universiteti Europian i Tiranes","url":"https:\/\/uet.edu.al\/en\/","logo":{"@type":"ImageObject","inLanguage":"en-US","@id":"https:\/\/uet.edu.al\/en\/#\/schema\/logo\/image\/","url":"https:\/\/uet.edu.al\/wp-content\/uploads\/2022\/12\/Logo-pa-adrese.png","contentUrl":"https:\/\/uet.edu.al\/wp-content\/uploads\/2022\/12\/Logo-pa-adrese.png","width":1418,"height":696,"caption":"Universiteti Europian i Tiranes"},"image":{"@id":"https:\/\/uet.edu.al\/en\/#\/schema\/logo\/image\/"},"sameAs":["https:\/\/www.facebook.com\/UniversitetiEuropianiTiranes\/"]}]}},"_links":{"self":[{"href":"https:\/\/uet.edu.al\/en\/wp-json\/wp\/v2\/pages\/10448","targetHints":{"allow":["GET"]}}],"collection":[{"href":"https:\/\/uet.edu.al\/en\/wp-json\/wp\/v2\/pages"}],"about":[{"href":"https:\/\/uet.edu.al\/en\/wp-json\/wp\/v2\/types\/page"}],"author":[{"embeddable":true,"href":"https:\/\/uet.edu.al\/en\/wp-json\/wp\/v2\/users\/1"}],"replies":[{"embeddable":true,"href":"https:\/\/uet.edu.al\/en\/wp-json\/wp\/v2\/comments?post=10448"}],"version-history":[{"count":7,"href":"https:\/\/uet.edu.al\/en\/wp-json\/wp\/v2\/pages\/10448\/revisions"}],"predecessor-version":[{"id":11238,"href":"https:\/\/uet.edu.al\/en\/wp-json\/wp\/v2\/pages\/10448\/revisions\/11238"}],"wp:attachment":[{"href":"https:\/\/uet.edu.al\/en\/wp-json\/wp\/v2\/media?parent=10448"}],"curies":[{"name":"wp","href":"https:\/\/api.w.org\/{rel}","templated":true}]}}